{"id":9466,"date":"2021-04-16T15:59:43","date_gmt":"2021-04-16T13:59:43","guid":{"rendered":"https:\/\/skrivanek.cz\/?page_id=9466"},"modified":"2026-03-24T12:32:05","modified_gmt":"2026-03-24T11:32:05","slug":"nj-mirne-pokrocily","status":"publish","type":"page","link":"https:\/\/skrivanek.cz\/cz\/jazykova-skola\/nj-mirne-pokrocily\/","title":{"rendered":"N\u011bm\u010dina A2"},"content":{"rendered":"<div id=\"pl-9466\"  class=\"panel-layout\" ><div id=\"pg-9466-0\"  class=\"panel-grid panel-has-style\"  style=\"margin-bottom: 0px\" ><div class=\"panel-row-padding-none panel-row-style panel-row-style-for-9466-0\" ><div id=\"pgc-9466-0-0\"  class=\"panel-grid-cell\" ><div id=\"panel-9466-0-0-0\" class=\"so-panel widget widget_wpa9-editor-ext panel-first-child panel-last-child\" data-index=\"0\" ><div\n\t\t\t\n\t\t\tclass=\"so-widget-wpa9-editor-ext so-widget-wpa9-editor-ext-default-c93e1481a745-9466\"\n\t\t\t\n\t\t>\n<div class=\"siteorigin-widget-tinymce textwidget\">\n\t<h2 class=\"wpa9-panel-title\">\u00darove\u0148 n\u011bm\u010diny A2<\/h2>\n<div class=\"wpa9-panel-content\">\n<ul>\n<li>Rozum\u00ed v\u011bt\u00e1m a\u00a0\u010dasto u\u017e\u00edvan\u00fdm v\u00fdraz\u016fm t\u00fdkaj\u00edc\u00edm se ka\u017edodenn\u00edho \u017eivota (nap\u0159\u00edklad z\u00e1kladn\u00ed osobn\u00ed \u00fadaje a\u00a0informace o\u00a0rodin\u011b, nakupov\u00e1n\u00ed, m\u00edsto, kde \u017eije,\u00a0zam\u011bstn\u00e1n\u00ed).<\/li>\n<li>Dok\u00e1\u017ee komunikovat v\u00a0jednoduch\u00fdch, \u010dasto se opakuj\u00edc\u00edch situac\u00edch, kter\u00e9 vy\u017eaduj\u00ed jednoduchou, p\u0159\u00edmou v\u00fdm\u011bnu informac\u00ed o\u00a0d\u016fv\u011brn\u011b zn\u00e1m\u00fdch, \u010dasto se opakuj\u00edc\u00edch\u00a0z\u00e1le\u017eitostech.<\/li>\n<li>Jednoduch\u00fdm zp\u016fsobem um\u00ed popsat sv\u00e9 vzd\u011bl\u00e1n\u00ed, sv\u00e9 nejbli\u017e\u0161\u00ed okol\u00ed a\u00a0v\u011bci t\u00fdkaj\u00edc\u00ed se bezprost\u0159edn\u00edch\u00a0pot\u0159eb.<\/li>\n<li>Jazykov\u00e1 \u00farove\u0148 Sk\u0159iv\u00e1nek:\u00a0<strong>m\u00edrn\u011b pokro\u010dil\u00fd<\/strong>.<\/li>\n<\/ul>\n<p><strong>Pot\u0159ebujete pomoc s\u00a0p\u0159\u00edpravou na zkou\u0161ky? Chcete se procvi\u010dit v\u00a0oblasti, ve kter\u00e9 si nejste \u00fapln\u011b jist\u00ed? R\u00e1di v\u00e1m s\u00a0t\u00edm pom\u016f\u017eeme! Sta\u010d\u00ed si objednat u\u00a0n\u00e1s kurz.<\/strong><\/p>\n<div class=\"columns columns-2\" data-columns=\"2\">\n<div class=\"column column-1\">\n<p style=\"text-align: center;\"><a class=\"btn btn-negative\" href=\"https:\/\/skrivanek.cz\/cz\/produkt\/nemcina-obecny-kurz-a2-mirne-pokrocili\/\">Chci skupinov\u00fd kurz n\u011bm\u010diny na \u00farovni A2<\/a><\/p>\n<\/div>\n<div class=\"column column-2\">\n<p style=\"text-align: center;\"><a class=\"btn btn-negative\" href=\"https:\/\/skrivanek.cz\/cz\/jazykova-skola\/individualni-vyuka-jazyku\/nemcina\/\">Chci individu\u00e1ln\u00ed kurz n\u011bm\u010diny na \u00farovni A2<\/a><\/p>\n<\/div>\n<\/div>\n<\/div>\n<\/div>\n<\/div><\/div><\/div><\/div><\/div><div id=\"pg-9466-1\"  class=\"panel-grid panel-has-style\"  style=\"margin-bottom: 0px\" ><div class=\"siteorigin-panels-stretch panel-row-padding-none panel-row-style panel-row-style-for-9466-1\" data-stretch-type=\"full\" ><div id=\"pgc-9466-1-0\"  class=\"panel-grid-cell\" ><div id=\"panel-9466-1-0-0\" class=\"so-panel widget widget_wpa9-card-l panel-first-child panel-last-child\" data-index=\"1\" ><div\n\t\t\t\n\t\t\tclass=\"so-widget-wpa9-card-l so-widget-wpa9-card-l-default-c93e1481a745-9466\"\n\t\t\t\n\t\t>\n<h3 class=\"widget-title\">Jazykov\u00e9 zkou\u0161ky n\u011bm\u010diny pro \u00farove\u0148 A2<\/h3>\n<div class=\"wpa9-card wpa9-card-l-container d-flex flex-wrap wpa9-columns-2\">\n\n\t\n\t\t\n\t<div class=\"wpa9-card-l-panel wpa9-panel shadow rounded d-flex flex-column justify-content-between\">\n\n\t\t<div>\n\t\t\t\t\n\t\t\t\t\t\t\t\t<h2 class=\"wpa9-panel-title\">Goethe Zertifikat A2<\/h2>\n\t\t\n\t\t\t\t\t\t\t<div class=\"wpa9-panel-content\"><div class=\"box-content\">\n<p>Zkou\u0161ka z&nbsp;obecn\u00e9 n\u011bm\u010diny pro dosp\u011bl\u00e9 na \u00farovni A2<\/p>\n<ul>\n<li>minimum absolvovan\u00fdch lekc\u00ed: 200\u2013350 v\u00fdukov\u00fdch jednotek po&nbsp;45 minut\u00e1ch<\/li>\n<li>zkou\u0161ka obsahuje:\n<ul>\n<li>poslech (30 minut)<\/li>\n<li>\u010dten\u00ed (30 minut)<\/li>\n<li>psan\u00ed (30 minut)<\/li>\n<li>\u00fastn\u00ed testov\u00e1n\u00ed (15 minut, vedeno ve dvojici kandid\u00e1t\u016f)<\/li>\n<\/ul>\n<\/li>\n<\/ul>\n<\/div>\n<div class=\"box-proscons__item\"><\/div>\n<\/div>\n\t\t\t\t<\/div>\n\n\t\t\t\t<div class=\"meta meta-buttons d-flex flex-column flex-sm-row justify-content-start\">\n\t\t\t\t\t<a class=\"btn \" href=\"https:\/\/www.goethe.de\/ins\/cz\/cs\/spr\/prf\/gzsd2.cfm\" title=\"V\u00edce na www.goethe.de\" target=\"_blank\">V\u00edce na www.goethe.de<\/a>\n\t\t\t\t\t\t<\/div>\n\t\t\n\t<\/div>\n\n\t\t\n\t<div class=\"wpa9-card-l-panel wpa9-panel shadow rounded d-flex flex-column justify-content-between\">\n\n\t\t<div>\n\t\t\t\t\n\t\t\t\t\t\t\t\t<h2 class=\"wpa9-panel-title\">Goethe-Zertifikat A2: Fit in Deutsch<\/h2>\n\t\t\n\t\t\t\t\t\t\t<div class=\"wpa9-panel-content\"><div class=\"boards-section__box \">\n<div class=\"box-content\">\n<div class=\"box-content\">\n<div class=\"box-content\">\n<p>Zkou\u0161ka z&nbsp;obecn\u00e9 n\u011bm\u010diny pro mladistv\u00e9 ve v\u011bku od 12 do 16 let na \u00farovni A2<\/p>\n<ul>\n<li>minimum absolvovan\u00fdch lekc\u00ed: cca 200\u2013350 v\u00fdukov\u00fdch jednotek po&nbsp;45 minut\u00e1ch<\/li>\n<li>zkou\u0161ka obsahuje:\n<ul>\n<li>\u010dten\u00ed (30 min)<\/li>\n<li>psan\u00ed (30 minut)<\/li>\n<li>poslech (30 min)<\/li>\n<li>\u00fastn\u00ed testov\u00e1n\u00ed (15 minut, vedeno ve dvojici kandid\u00e1t\u016f)<\/li>\n<\/ul>\n<\/li>\n<\/ul>\n<\/div>\n<\/div>\n<div class=\"box-proscons\">\n<div class=\"box-proscons__item\"><\/div>\n<\/div>\n<\/div>\n<\/div>\n<div class=\"boards-section__box\"><\/div>\n<\/div>\n\t\t\t\t<\/div>\n\n\t\t\t\t<div class=\"meta meta-buttons d-flex flex-column flex-sm-row justify-content-start\">\n\t\t\t\t\t<a class=\"btn \" href=\"https:\/\/www.goethe.de\/ins\/cz\/cs\/spr\/prf\/gzfit2.cfm\" title=\"V\u00edce na www.goethe.de\ufeff\" target=\"_blank\">V\u00edce na www.goethe.de\ufeff<\/a>\n\t\t\t\t\t\t<\/div>\n\t\t\n\t<\/div>\n\n\t\t\n\t<div class=\"wpa9-card-l-panel wpa9-panel shadow rounded d-flex flex-column justify-content-between\">\n\n\t\t<div>\n\t\t\t\t\n\t\t\t\t\t\t\t\t<h2 class=\"wpa9-panel-title\">\u00d6SD Zertifikat A2<\/h2>\n\t\t\n\t\t\t\t\t\t\t<div class=\"wpa9-panel-content\"><div class=\"boards-section__box\">\n<div class=\"box-content\">\n<div class=\"box-content\">\n<div class=\"box-content\">\n<p>Zkou\u0161ka z&nbsp;obecn\u00e9 n\u011bm\u010diny na \u00farovni A2 pro kandid\u00e1ty od 14 let<\/p>\n<p>Zkou\u0161ka obsahuje:<\/p>\n<ul>\n<li>\u010dten\u00ed (30 minut)<\/li>\n<li>poslech (15 minut)<\/li>\n<li>psan\u00ed (30 minut)<\/li>\n<li>\u00fastn\u00ed testov\u00e1n\u00ed (cca 10 minut)<\/li>\n<\/ul>\n<\/div>\n<\/div>\n<\/div>\n<\/div>\n<\/div>\n\t\t\t\t<\/div>\n\n\t\t\t\t<div class=\"meta meta-buttons d-flex flex-column flex-sm-row justify-content-start\">\n\t\t\t\t\t<a class=\"btn \" href=\"https:\/\/www.osd.at\/en\/exams\/oesd-exams\/oesd-zertifikat-a2-za2\/\" title=\"V\u00edce na www.osd.at\" target=\"_blank\">V\u00edce na www.osd.at<\/a>\n\t\t\t\t\t\t<\/div>\n\t\t\n\t<\/div>\n\n\t\t\n\t<div class=\"wpa9-card-l-panel wpa9-panel shadow rounded d-flex flex-column justify-content-between\">\n\n\t\t<div>\n\t\t\t\t\n\t\t\t\t\t\t\t\t<h2 class=\"wpa9-panel-title\">\u00d6SD Zertifikat A2 \/ \u00d6sterreich <\/h2>\n\t\t\n\t\t\t\t\t\t\t<div class=\"wpa9-panel-content\"><div class=\"boards-section__box\">\n<div class=\"box-content\">\n<div class=\"box-content\">\n<div class=\"box-content\">\n<p>Zkou\u0161ka z&nbsp;obecn\u00e9 n\u011bm\u010diny na \u00farovni A2 pro kandid\u00e1ty od 14 let. Tato zkou\u0161ka je u\u010dena pro imigranty v&nbsp;Rakousku.<\/p>\n<p>Zkou\u0161ka obsahuje:<\/p>\n<ul>\n<li>\u010dten\u00ed (30 minut)<\/li>\n<li>poslech (cca 15 minut)<\/li>\n<li>psan\u00ed (30 minut)<\/li>\n<li>\u00fastn\u00ed testov\u00e1n\u00ed (cca 10 minut)<\/li>\n<\/ul>\n<\/div>\n<\/div>\n<\/div>\n<\/div>\n<\/div>\n\t\t\t\t<\/div>\n\n\t\t\t\t<div class=\"meta meta-buttons d-flex flex-column flex-sm-row justify-content-start\">\n\t\t\t\t\t<a class=\"btn \" href=\"https:\/\/www.osd.at\/en\/exams\/oesd-exams\/oesd-zertifikat-a2-oesterreich-za2-oe\/\" title=\"V\u00edce na www.osd.at\" target=\"_blank\">V\u00edce na www.osd.at<\/a>\n\t\t\t\t\t\t<\/div>\n\t\t\n\t<\/div>\n\n\t\t\n\t<div class=\"wpa9-card-l-panel wpa9-panel shadow rounded d-flex flex-column justify-content-between\">\n\n\t\t<div>\n\t\t\t\t\n\t\t\t\t\t\t\t\t<h2 class=\"wpa9-panel-title\">\u00d6SD KID A2 (Kompetenz in Deutsch A2)<\/h2>\n\t\t\n\t\t\t\t\t\t\t<div class=\"wpa9-panel-content\"><div class=\"box-content\">\n<div class=\"box-content\">\n<p>Zkou\u0161ka z&nbsp;obecn\u00e9 n\u011bm\u010diny pro d\u011bti od 10 do 14 let na \u00farovni A2<\/p>\n<p>Zkou\u0161ka obsahuje:<\/p>\n<ul>\n<li>\u010dten\u00ed (35 min)<\/li>\n<li>psan\u00ed (30 min)<\/li>\n<li>poslech (cca 15 minut)<\/li>\n<li>\u00fastn\u00ed testov\u00e1n\u00ed (cca 10 minut)<\/li>\n<\/ul>\n<\/div>\n<\/div>\n<\/div>\n\t\t\t\t<\/div>\n\n\t\t\t\t<div class=\"meta meta-buttons d-flex flex-column flex-sm-row justify-content-start\">\n\t\t\t\t\t<a class=\"btn \" href=\"https:\/\/www.osd.at\/en\/exams\/oesd-exams\/oesd-kid-a2\/\" title=\"V\u00edce na www.osd.at\" target=\"_blank\">V\u00edce na www.osd.at<\/a>\n\t\t\t\t\t\t<\/div>\n\t\t\n\t<\/div>\n\n\t\t\n\t<div class=\"wpa9-card-l-panel wpa9-panel shadow rounded d-flex flex-column justify-content-between\">\n\n\t\t<div>\n\t\t\t\t\n\t\t\t\t\t\t\t\t<h2 class=\"wpa9-panel-title\">telc Deutsch A2 \/ Start Deutsch 2<\/h2>\n\t\t\n\t\t\t\t\t\t\t<div class=\"wpa9-panel-content\"><div class=\"box-content\">\n<div class=\"box-content\">\n<p>The European Language Certificates<\/p>\n<p>Zkou\u0161ka z&nbsp;obecn\u00e9 n\u011bm\u010diny na \u00farovni A2<\/p>\n<ul>\n<li>minimum absolvovan\u00fdch lekc\u00ed: cca 250\u2013300 v\u00fdukov\u00fdch jednotek po&nbsp;45 minut\u00e1ch<\/li>\n<li>zkou\u0161ka obsahuje:\n<ul>\n<li>poslech (20 minut)<\/li>\n<li>\u010dten\u00ed a&nbsp;psan\u00ed (50 minut)<\/li>\n<li>\u00fastn\u00ed testov\u00e1n\u00ed (11 minut, zpravidla vedeno ve dvojici)<\/li>\n<\/ul>\n<\/li>\n<\/ul>\n<\/div>\n<\/div>\n<\/div>\n\t\t\t\t<\/div>\n\n\t\t\t\t<div class=\"meta meta-buttons d-flex flex-column flex-sm-row justify-content-start\">\n\t\t\t\t\t<a class=\"btn \" href=\"https:\/\/www.telc.net\/en\/candidates\/language-examinations\/tests\/detail\/telc-deutsch-a2.html\" title=\"V\u00edce na www.telc.net\" target=\"_blank\">V\u00edce na www.telc.net<\/a>\n\t\t\t\t\t\t<\/div>\n\t\t\n\t<\/div>\n\n\t\t\n\t<div class=\"wpa9-card-l-panel wpa9-panel shadow rounded d-flex flex-column justify-content-between\">\n\n\t\t<div>\n\t\t\t\t\n\t\t\t\t\t\t\t\t<h2 class=\"wpa9-panel-title\">telc Deutsch A2+ Beruf<\/h2>\n\t\t\n\t\t\t\t\t\t\t<div class=\"wpa9-panel-content\"><div class=\"box-content\">\n<p>The European Language Certificates<\/p>\n<p>Zkou\u0161ka z\u00a0obchodn\u00ed n\u011bm\u010diny na \u00farovni A2+<\/p>\n<p>Zkou\u0161ka obsahuje:<\/p>\n<ul>\n<li>\u010dten\u00ed a&nbsp;u\u017eit\u00ed jazyka (60 minut)<\/li>\n<li>poslech (30 minut)<\/li>\n<li>psan\u00ed (30 minut)<\/li>\n<li>\u00fastn\u00ed testov\u00e1n\u00ed (15 minut, obvykle vedeno ve dvojici kandid\u00e1t\u016f)<\/li>\n<\/ul>\n<\/div>\n<\/div>\n\t\t\t\t<\/div>\n\n\t\t\t\t<div class=\"meta meta-buttons d-flex flex-column flex-sm-row justify-content-start\">\n\t\t\t\t\t<a class=\"btn \" href=\"https:\/\/www.telc.net\/en\/candidates\/language-examinations\/tests\/detail\/telc-deutsch-a2-beruf.html\" title=\"V\u00edce na www.telc.net\" target=\"_blank\">V\u00edce na www.telc.net<\/a>\n\t\t\t\t\t\t<\/div>\n\t\t\n\t<\/div>\n\n\t\t\n\t<div class=\"wpa9-card-l-panel wpa9-panel shadow rounded d-flex flex-column justify-content-between\">\n\n\t\t<div>\n\t\t\t\t\n\t\t\t\t\t\t\t\t<h2 class=\"wpa9-panel-title\">telc Deutsch A2 Schule<\/h2>\n\t\t\n\t\t\t\t\t\t\t<div class=\"wpa9-panel-content\"><div class=\"box-content\">\n<p>The European Language Certificates<\/p>\n<p>Zkou\u0161ka z&nbsp;obecn\u00e9 n\u011bm\u010diny na \u00farovni A2 pro d\u011bti ve v\u011bku 14 a\u017e 16 let<\/p>\n<ul>\n<li>minimum absolvovan\u00fdch lekc\u00ed: cca 300 a\u017e 400 hodin<\/li>\n<li>zkou\u0161ka obsahuje:\n<ul>\n<li>poslech (20 minut)<\/li>\n<li>u\u017eit\u00ed jazyka (15 minut)<\/li>\n<li>\u010dten\u00ed (30 minut)<\/li>\n<li>psan\u00ed (15 minut)<\/li>\n<li>\u00fastn\u00ed testov\u00e1n\u00ed (10 minut, vedeno ve skupin\u011b max. 3 kandid\u00e1t\u016f)<\/li>\n<\/ul>\n<\/li>\n<\/ul>\n<\/div>\n<\/div>\n\t\t\t\t<\/div>\n\n\t\t\t\t<div class=\"meta meta-buttons d-flex flex-column flex-sm-row justify-content-start\">\n\t\t\t\t\t<a class=\"btn \" href=\"https:\/\/www.telc.net\/en\/candidates\/language-examinations\/tests\/detail\/telc-deutsch-a2-schule.html\" title=\"V\u00edce na www.telc.net\" target=\"_blank\">V\u00edce na www.telc.net<\/a>\n\t\t\t\t\t\t<\/div>\n\t\t\n\t<\/div>\n\n\t\t\n\t<div class=\"wpa9-card-l-panel wpa9-panel shadow rounded d-flex flex-column justify-content-between\">\n\n\t\t<div>\n\t\t\t\t\n\t\t\t\t\t\t\t\t<h2 class=\"wpa9-panel-title\">telc Deutsch-Test f\u00fcr Zuwanderer A2\u00b7B1<\/h2>\n\t\t\n\t\t\t\t\t\t\t<div class=\"wpa9-panel-content\"><div class=\"box-content\">\n<p>The European Language Certificates<\/p>\n<p>Zkou\u0161ka z&nbsp;obecn\u00e9 n\u011bm\u010diny na \u00farovni A2-B1 pro z\u00e1jemce o&nbsp;n\u011bmeck\u00e9 ob\u010danstv\u00ed star\u0161\u00ed 27 let.<\/p>\n<p>Zkou\u0161ka obsahuje:<\/p>\n<ul>\n<li>poslech (25 minut)<\/li>\n<li>\u010dten\u00ed (45 minut)<\/li>\n<li>psan\u00ed (30 minut)<\/li>\n<li>\u00fastn\u00ed testov\u00e1n\u00ed (16 minut, v\u011bt\u0161inou vedeno ve dvojici)<\/li>\n<\/ul>\n<\/div>\n<\/div>\n\t\t\t\t<\/div>\n\n\t\t\t\t<div class=\"meta meta-buttons d-flex flex-column flex-sm-row justify-content-start\">\n\t\t\t\t\t<a class=\"btn \" href=\"https:\/\/www.telc.net\/en\/candidates\/language-examinations\/tests\/detail\/deutsch-test-fuer-zuwanderer-a2b1.html\" title=\"V\u00edce na www.telc.net\" target=\"_blank\">V\u00edce na www.telc.net<\/a>\n\t\t\t\t\t\t<\/div>\n\t\t\n\t<\/div>\n\n\t\t\n\t<div class=\"wpa9-card-l-panel wpa9-panel shadow rounded d-flex flex-column justify-content-between\">\n\n\t\t<div>\n\t\t\t\t\n\t\t\t\t\t\t\t\t<h2 class=\"wpa9-panel-title\">telc Deutsch-Test f\u00fcr Zuwanderer A2\u00b7B1 Jugendintegrationskurs<\/h2>\n\t\t\n\t\t\t\t\t\t\t<div class=\"wpa9-panel-content\"><div class=\"box-content\">\n<p>The European Language Certificates<\/p>\n<p>Zkou\u0161ka z&nbsp;obecn\u00e9 n\u011bm\u010diny na \u00farovni A2-B1 pro \u00fa\u010dastn\u00edky Jugendintegrationskurs a&nbsp;z\u00e1jemce o&nbsp;n\u011bmeck\u00e9 ob\u010danstv\u00ed do 27 let.<\/p>\n<p>Zkou\u0161ka obsahuje:<\/p>\n<ul>\n<li>poslech (25 minut)<\/li>\n<li>\u010dten\u00ed (45 minut)<\/li>\n<li>psan\u00ed (30 minut)<\/li>\n<li>\u00fastn\u00ed testov\u00e1n\u00ed (16 minut, v\u011bt\u0161inou vedeno ve dvojici)<\/li>\n<\/ul>\n<\/div>\n<\/div>\n\t\t\t\t<\/div>\n\n\t\t\t\t<div class=\"meta meta-buttons d-flex flex-column flex-sm-row justify-content-start\">\n\t\t\t\t\t<a class=\"btn \" href=\"https:\/\/www.telc.net\/en\/candidates\/language-examinations\/tests\/detail\/deutsch-test-fuer-zuwanderer-a2b1-jugendintegrationskurs.html\" title=\"V\u00edce na www.telc.net\" target=\"_blank\">V\u00edce na www.telc.net<\/a>\n\t\t\t\t\t\t<\/div>\n\t\t\n\t<\/div>\n\n\t\t\n\t<div class=\"wpa9-card-l-panel wpa9-panel shadow rounded d-flex flex-column justify-content-between\">\n\n\t\t<div>\n\t\t\t\t\n\t\t\t\t\t\t\t\t<h2 class=\"wpa9-panel-title\">Standardizovan\u00e1 zkou\u0161ka JASPEX \u2013 \u00farove\u0148 A2<\/h2>\n\t\t\n\t\t\t\t\t\t\t<div class=\"wpa9-panel-content\"><div class=\"box-content\">\n<div class=\"box-content\">\n<div class=\"box-content\">\n<p>Standardizovan\u00e1 zkou\u0161ka testuje znalosti n\u011bmeck\u00e9ho jazyka na \u00farovni A2<\/p>\n<p>Zkou\u0161ka obsahuje:<\/p>\n<ul>\n<li>p\u00edsemnou \u010d\u00e1st \u2013 \u010dten\u00ed s&nbsp;porozum\u011bn\u00edm, poslech, u\u017eit\u00ed jazyka a&nbsp;psan\u00ed (90 minut)<\/li>\n<li>\u00fastn\u00ed \u010d\u00e1st (cca 10-15 minut)<\/li>\n<\/ul>\n<\/div>\n<\/div>\n<\/div>\n<\/div>\n\t\t\t\t<\/div>\n\n\t\t\t\t<div class=\"meta meta-buttons d-flex flex-column flex-sm-row justify-content-start\">\n\t\t\t\t\t<a class=\"btn \" href=\"https:\/\/www.muvs.cvut.cz\/zajemci-o-studium\/jazykove-vzdelavani\/jazykove-zkousky\/\" title=\"V\u00edce na www.muvs.cvut.cz\" target=\"_blank\">V\u00edce na www.muvs.cvut.cz<\/a>\n\t\t\t\t\t\t<\/div>\n\t\t\n\t<\/div>\n\n\t\t\n\t<div class=\"wpa9-card-l-panel wpa9-panel shadow rounded d-flex flex-column justify-content-between\">\n\n\t\t<div>\n\t\t\t\t\n\t\t\t\t\t\t\t\t<h2 class=\"wpa9-panel-title\">ECL A2<\/h2>\n\t\t\n\t\t\t\t\t\t\t<div class=\"wpa9-panel-content\"><div class=\"box-content\">\n<p>European Consortium for the Certificate of Attainment in Modern Languages A2<\/p>\n<p>Zkou\u0161ka z&nbsp;obecn\u00e9 n\u011bm\u010diny na \u00farovni A2 pro kandid\u00e1ty od 14 let<\/p>\n<p>Zkou\u0161ka obsahuje:<\/p>\n<ul>\n<li>poslech (cca 15-20 minut)<\/li>\n<li>\u010dten\u00ed (35 minut)<\/li>\n<li>psan\u00ed (35 minut)<\/li>\n<li>\u00fastn\u00ed testov\u00e1n\u00ed (10-12 minut u&nbsp;jednoho kandid\u00e1ta, 15-18 minut u&nbsp;dvou kandid\u00e1t\u016f a&nbsp;22-25 minut u&nbsp;t\u0159\u00ed kandid\u00e1t\u016f)<\/li>\n<\/ul>\n<\/div>\n<\/div>\n\t\t\t\t<\/div>\n\n\t\t\t\t<div class=\"meta meta-buttons d-flex flex-column flex-sm-row justify-content-start\">\n\t\t\t\t\t<a class=\"btn \" href=\"https:\/\/eclexam.eu\" title=\"V\u00edce na https:\/\/eclexam.eu\/\" target=\"_blank\">V\u00edce na https:\/\/eclexam.eu\/<\/a>\n\t\t\t\t\t\t<\/div>\n\t\t\n\t<\/div>\n\n\t\t\n\t\n<\/div>\n<\/div><\/div><\/div><\/div><\/div><div id=\"pg-9466-2\"  class=\"panel-grid panel-has-style\" ><div class=\"siteorigin-panels-stretch panel-row-padding-none panel-row-style panel-row-style-for-9466-2\" data-stretch-type=\"full\" ><div id=\"pgc-9466-2-0\"  class=\"panel-grid-cell\" ><div id=\"panel-9466-2-0-0\" class=\"so-panel widget widget_skrv-incl-widget panel-first-child panel-last-child\" data-index=\"2\" ><div\n\t\t\t\n\t\t\tclass=\"so-widget-skrv-incl-widget so-widget-skrv-incl-widget-default-c93e1481a745-9466\"\n\t\t\t\n\t\t><div id=\"pl-8541\"  class=\"panel-layout\" ><div id=\"pg-8541-0\"  class=\"panel-grid panel-no-style\" ><div id=\"pgc-8541-0-0\"  class=\"panel-grid-cell\" ><div id=\"panel-8541-0-0-0\" class=\"so-panel widget widget_wpa9-card-s panel-first-child panel-last-child\" data-index=\"0\" ><div\n\t\t\t\n\t\t\tclass=\"so-widget-wpa9-card-s so-widget-wpa9-card-s-default-c93e1481a745-9466\"\n\t\t\t\n\t\t><div class=\"wpa9-card wpa9-card-s wide negative\">\n\n\t<div class=\"wpa9-card-wrapper container\">\n\n\t\t<div class=\"wpa9-card-text\">\n\t\t\t<h2 class=\"wpa9-card-title\">P\u0159\u00edpravn\u00e9 kurzy<\/h2>\n\t\t\t<div class=\"wpa9-card-content\"><p style=\"text-align: center\">Vybrali jste si zkou\u0161ku a&nbsp;chcete se na ni p\u0159ipravit? Anebo st\u00e1le v\u00e1h\u00e1te, kter\u00e1 je pro v\u00e1s vhodn\u00e1? Za\u0161lete nez\u00e1vaznou popt\u00e1vku, r\u00e1di v\u00e1m porad\u00edme.<\/p>\n<\/div>\t\t<\/div>\n\n\t\t\t\t<div class=\"meta meta-buttons d-flex flex-row justify-content-center\">\n\t\t\t\t\t\t\t<a class=\"btn btn-negative \" href=\"https:\/\/skrivanek.cz\/cz\/poptavka\/\" title=\"M\u00e1m z\u00e1jem \">M\u00e1m z\u00e1jem <\/a>\n\t\t\t\t<\/div>\n\t\t\n\t<\/div>\n\n<\/div>\n<\/div><\/div><\/div><\/div><\/div><\/div><\/div><\/div><\/div><\/div><\/div>","protected":false},"excerpt":{"rendered":"<p>\u00darove\u0148 n\u011bm\u010diny A2 Rozum\u00ed v\u011bt\u00e1m a\u00a0\u010dasto u\u017e\u00edvan\u00fdm v\u00fdraz\u016fm t\u00fdkaj\u00edc\u00edm se ka\u017edodenn\u00edho \u017eivota (nap\u0159\u00edklad z\u00e1kladn\u00ed osobn\u00ed \u00fadaje a\u00a0informace o\u00a0rodin\u011b, nakupov\u00e1n\u00ed, m\u00edsto, kde \u017eije,\u00a0zam\u011bstn\u00e1n\u00ed). Dok\u00e1\u017ee komunikovat v\u00a0jednoduch\u00fdch, \u010dasto se opakuj\u00edc\u00edch situac\u00edch, kter\u00e9 vy\u017eaduj\u00ed jednoduchou, p\u0159\u00edmou v\u00fdm\u011bnu informac\u00ed o\u00a0d\u016fv\u011brn\u011b zn\u00e1m\u00fdch, \u010dasto se opakuj\u00edc\u00edch\u00a0z\u00e1le\u017eitostech. Jednoduch\u00fdm zp\u016fsobem um\u00ed popsat sv\u00e9 vzd\u011bl\u00e1n\u00ed, sv\u00e9 nejbli\u017e\u0161\u00ed okol\u00ed a\u00a0v\u011bci t\u00fdkaj\u00edc\u00ed se bezprost\u0159edn\u00edch\u00a0pot\u0159eb. Jazykov\u00e1 \u00farove\u0148 [&hellip;]<\/p>\n","protected":false},"author":7,"featured_media":0,"parent":305,"menu_order":0,"comment_status":"closed","ping_status":"closed","template":"","meta":{"_acf_changed":false,"footnotes":""},"class_list":["post-9466","page","type-page","status-publish","hentry"],"acf":[],"aioseo_notices":[],"_links":{"self":[{"href":"https:\/\/skrivanek.cz\/cz\/wp-json\/wp\/v2\/pages\/9466","targetHints":{"allow":["GET"]}}],"collection":[{"href":"https:\/\/skrivanek.cz\/cz\/wp-json\/wp\/v2\/pages"}],"about":[{"href":"https:\/\/skrivanek.cz\/cz\/wp-json\/wp\/v2\/types\/page"}],"author":[{"embeddable":true,"href":"https:\/\/skrivanek.cz\/cz\/wp-json\/wp\/v2\/users\/7"}],"replies":[{"embeddable":true,"href":"https:\/\/skrivanek.cz\/cz\/wp-json\/wp\/v2\/comments?post=9466"}],"version-history":[{"count":3,"href":"https:\/\/skrivanek.cz\/cz\/wp-json\/wp\/v2\/pages\/9466\/revisions"}],"predecessor-version":[{"id":80231,"href":"https:\/\/skrivanek.cz\/cz\/wp-json\/wp\/v2\/pages\/9466\/revisions\/80231"}],"up":[{"embeddable":true,"href":"https:\/\/skrivanek.cz\/cz\/wp-json\/wp\/v2\/pages\/305"}],"wp:attachment":[{"href":"https:\/\/skrivanek.cz\/cz\/wp-json\/wp\/v2\/media?parent=9466"}],"curies":[{"name":"wp","href":"https:\/\/api.w.org\/{rel}","templated":true}]}}